{"id":8,"date":"2023-04-11T09:17:25","date_gmt":"2023-04-11T09:17:25","guid":{"rendered":"https:\/\/matematicas.uclm.es\/wordpress\/?page_id=8"},"modified":"2025-03-05T08:11:50","modified_gmt":"2025-03-05T08:11:50","slug":"presentacion","status":"publish","type":"page","link":"https:\/\/matematicas.uclm.es\/imaginary\/","title":{"rendered":""},"content":{"rendered":"\n<p><strong>IMAGINARY: Una Mirada Matem\u00e1tica<\/strong> es una exposici\u00f3n art\u00edstica creada por matem\u00e1ticos del <a class=\"ek-link\" href=\"http:\/\/www.mfo.de\">Mathematisches Forschungsinstitut Oberwolfach<\/a> con motivo del A\u00f1o Alem\u00e1n de las Matem\u00e1ticas en 2008. La versi\u00f3n que presentamos aqu\u00ed fue adquirida por la <a aria-label=\" (opens in a new tab)\" class=\"ek-link\" href=\"http:\/\/www.rsme.es\" target=\"_blank\" rel=\"noreferrer noopener\">Real Sociedad Matem\u00e1tica Espa\u00f1ola<\/a> (RSME) en 2011 y desde entonces ha pasado por varias ciudades espa\u00f1olas, siendo \u00e9sta la primera ocasi\u00f3n en llegar a Ciudad Real.<\/p>\n\n\n\n<p>El prop\u00f3sito de esta exposici\u00f3n es presentar visualizaciones, software interactivo y objetos en 3D, relacionados con la geometr\u00eda algebraica. La exhibici\u00f3n busca acercar las matem\u00e1ticas al p\u00fablico de una manera atractiva y entretenida, fomentando la curiosidad y el inter\u00e9s por esta disciplina. La exposici\u00f3n forma parte de <a href=\"http:\/\/imaginary.org\/es\" class=\"ek-link\">IMAGINARY<\/a>, una comunidad internacional para la matem\u00e1tica abierta e interactiva.<\/p>\n\n\n\n<p class=\"has-text-align-justify\">La exposici\u00f3n, cedida por la RSME, y presentada por el <a class=\"ek-link\" href=\"http:\/\/matematicas.uclm.es\">Departamento de Matem\u00e1ticas<\/a> y la <a class=\"ek-link\" href=\"https:\/\/www.uclm.es\/es\/ciudad-real\/ETSII\">Escuela de Ingenier\u00eda Industrial<\/a> de Ciudad Real de la <a aria-label=\"Universidad de Castilla - La Mancha (opens in a new tab)\" class=\"ek-link\" href=\"http:\/\/www.uclm.es\" target=\"_blank\" rel=\"noreferrer noopener\">Universidad de Castilla &#8211; La Mancha<\/a> se mantendr\u00e1 abierta durante el mes de marzo de 2025 con el siguiente horario:<\/p>\n\n\n\n<ul class=\"wp-block-list\">\n<li>Del 3 al 28 de marzo, de Lunes a Viernes, de 10:00 a 13:30 y de 17:00 a 19:00.<\/li>\n\n\n\n<li>S\u00e1bados 15 y 22, de 10:30 a 13:30.<\/li>\n<\/ul>\n\n\n\n<p class=\"has-text-align-justify\">Pincha <a href=\"https:\/\/matematicas.uclm.es\/imaginary\/?page_id=163\">aqu\u00ed<\/a> para informaci\u00f3n sobre visitas guiadas.<br>&nbsp;<\/p>\n\n\n\n<p><\/p>\n","protected":false},"excerpt":{"rendered":"<p>IMAGINARY: Una Mirada Matem\u00e1tica es una exposici\u00f3n art\u00edstica creada por matem\u00e1ticos del Mathematisches Forschungsinstitut Oberwolfach con motivo del A\u00f1o Alem\u00e1n de las Matem\u00e1ticas en 2008. La versi\u00f3n que presentamos aqu\u00ed fue adquirida por la Real Sociedad Matem\u00e1tica Espa\u00f1ola (RSME) en 2011 y desde entonces ha pasado por varias ciudades espa\u00f1olas, siendo \u00e9sta la primera ocasi\u00f3n &hellip; <a href=\"https:\/\/matematicas.uclm.es\/imaginary\/\" class=\"more-link\">Sigue leyendo <span class=\"screen-reader-text\"><\/span><\/a><\/p>\n","protected":false},"author":1,"featured_media":145,"parent":0,"menu_order":0,"comment_status":"closed","ping_status":"closed","template":"","meta":{"_editorskit_title_hidden":false,"_editorskit_reading_time":0,"_editorskit_is_block_options_detached":false,"_editorskit_block_options_position":"{}","_uag_custom_page_level_css":"","footnotes":""},"class_list":["post-8","page","type-page","status-publish","has-post-thumbnail","hentry"],"uagb_featured_image_src":{"full":["https:\/\/matematicas.uclm.es\/imaginary\/wp-content\/uploads\/2024\/07\/imaginary.png",680,187,false],"thumbnail":["https:\/\/matematicas.uclm.es\/imaginary\/wp-content\/uploads\/2024\/07\/imaginary-150x150.png",150,150,true],"medium":["https:\/\/matematicas.uclm.es\/imaginary\/wp-content\/uploads\/2024\/07\/imaginary-300x83.png",300,83,true],"medium_large":["https:\/\/matematicas.uclm.es\/imaginary\/wp-content\/uploads\/2024\/07\/imaginary.png",660,182,false],"large":["https:\/\/matematicas.uclm.es\/imaginary\/wp-content\/uploads\/2024\/07\/imaginary.png",660,182,false],"1536x1536":["https:\/\/matematicas.uclm.es\/imaginary\/wp-content\/uploads\/2024\/07\/imaginary.png",680,187,false],"2048x2048":["https:\/\/matematicas.uclm.es\/imaginary\/wp-content\/uploads\/2024\/07\/imaginary.png",680,187,false],"post-thumbnail":["https:\/\/matematicas.uclm.es\/imaginary\/wp-content\/uploads\/2024\/07\/imaginary.png",680,187,false]},"uagb_author_info":{"display_name":"earanda","author_link":"https:\/\/matematicas.uclm.es\/imaginary\/?author=1"},"uagb_comment_info":0,"uagb_excerpt":"IMAGINARY: Una Mirada Matem\u00e1tica es una exposici\u00f3n art\u00edstica creada por matem\u00e1ticos del Mathematisches Forschungsinstitut Oberwolfach con motivo del A\u00f1o Alem\u00e1n de las Matem\u00e1ticas en 2008. La versi\u00f3n que presentamos aqu\u00ed fue adquirida por la Real Sociedad Matem\u00e1tica Espa\u00f1ola (RSME) en 2011 y desde entonces ha pasado por varias ciudades espa\u00f1olas, siendo \u00e9sta la primera ocasi\u00f3n&hellip;","_links":{"self":[{"href":"https:\/\/matematicas.uclm.es\/imaginary\/index.php?rest_route=\/wp\/v2\/pages\/8","targetHints":{"allow":["GET"]}}],"collection":[{"href":"https:\/\/matematicas.uclm.es\/imaginary\/index.php?rest_route=\/wp\/v2\/pages"}],"about":[{"href":"https:\/\/matematicas.uclm.es\/imaginary\/index.php?rest_route=\/wp\/v2\/types\/page"}],"author":[{"embeddable":true,"href":"https:\/\/matematicas.uclm.es\/imaginary\/index.php?rest_route=\/wp\/v2\/users\/1"}],"replies":[{"embeddable":true,"href":"https:\/\/matematicas.uclm.es\/imaginary\/index.php?rest_route=%2Fwp%2Fv2%2Fcomments&post=8"}],"version-history":[{"count":17,"href":"https:\/\/matematicas.uclm.es\/imaginary\/index.php?rest_route=\/wp\/v2\/pages\/8\/revisions"}],"predecessor-version":[{"id":214,"href":"https:\/\/matematicas.uclm.es\/imaginary\/index.php?rest_route=\/wp\/v2\/pages\/8\/revisions\/214"}],"wp:featuredmedia":[{"embeddable":true,"href":"https:\/\/matematicas.uclm.es\/imaginary\/index.php?rest_route=\/wp\/v2\/media\/145"}],"wp:attachment":[{"href":"https:\/\/matematicas.uclm.es\/imaginary\/index.php?rest_route=%2Fwp%2Fv2%2Fmedia&parent=8"}],"curies":[{"name":"wp","href":"https:\/\/api.w.org\/{rel}","templated":true}]}}